{"id":2659,"date":"2023-09-25T10:11:57","date_gmt":"2023-09-25T08:11:57","guid":{"rendered":"https:\/\/www.kreischberg.at\/palyak\/schneesicherheit\/"},"modified":"2023-12-11T16:09:45","modified_gmt":"2023-12-11T15:09:45","slug":"hogarancia","status":"publish","type":"page","link":"https:\/\/www.kreischberg.at\/hu\/palyak\/hogarancia\/","title":{"rendered":"H\u00f3garancia"},"content":{"rendered":"<div class=\"acf-fc-column acf-fc-column-1\">\n<h1>H\u00f3gy\u00e1rt\u00e1s Kreischbergen<\/h1>\n<\/p><\/div>\n<div class=\"acf-fc-column acf-fc-column-1\">\n<h2>\u00cdgy m\u0171k\u00f6dnek a h\u00f3\u00e1gy\u00fak<\/h2>\n<p>A s\u00edterep optim\u00e1lis h\u00f3viszony\u00e1nak alapj\u00e1ul a gy\u00e1rtott h\u00f3 szolg\u00e1l. Kreischberg rendelkezik Ausztria egyik legnagyobb teljes\u00edtm\u00e9ny\u0171 h\u00f3gy\u00e1rt\u00f3 berendez\u00e9s\u00e9vel. A berendez\u00e9s l\u00e9nyeg\u00e9ben h\u00e1rom r\u00e9szb\u0151l \u00e1ll:<\/p>\n<\/p><\/div>\n<div class=\"acf-fc-column acf-fc-column-1\">\n<h3 class=\"h4\">T\u00e1roz\u00f3 t\u00f3<\/h3>\n<p>A t\u00e1roz\u00f3 t\u00f3 ny\u00e1ri h\u00f3napokban a term\u00e9szetes be\u00e1raml\u00e1s \u00e9s a csapad\u00e9k hat\u00e1s\u00e1ra megtelik. Ez\u00e9rt nem kell a vizet felszivatty\u00fazni a v\u00f6lgyb\u0151l, \u00edgy a magas hegyi fekv\u00e9s a h\u00f3\u00e1gy\u00faz\u00e1shoz kapcsol\u00f3d\u00f3 energiak\u00f6lts\u00e9geket is megtakar\u00edtja.<\/p>\n<h3 class=\"h4\">Szivatty\u00fak\/ Cs\u0151vezet\u00e9kek\/ Hidr\u00e1nsok<\/h3>\n<p>A hegyen a v\u00edz eloszt\u00e1s\u00e1hoz \u00fagynevezett hidr\u00e1nsok sz\u00fcks\u00e9gesek, ahol a h\u00f3\u00e1gy\u00fak t\u00f6ml\u0151vel csatlakoztathat\u00f3k. A hidr\u00e1nsok n\u00e9ha a p\u00e1ly\u00e1k mellett tal\u00e1lhat\u00f3k.<\/p>\n<p>&nbsp;<\/p>\n<\/p><\/div>\n<div class=\"acf-fc-column acf-fc-column-2\">\n<h3 class=\"h4\">H\u00f3\u00e1gy\u00fak<\/h3>\n<p>Amikor a v\u00edz el\u00e9ri a h\u00f3\u00e1gy\u00fat, a berendez\u00e9s a bevezetett vizet finoman sz\u00e9tporlasztja, majd vagy egy l\u00e9gsug\u00e1r (&#8222;klasszikus h\u00f3\u00e1gy\u00fa&#8220;) seg\u00edts\u00e9g\u00e9vel kif\u00fajja, vagy a v\u00edzcseppek egyszer\u0171en a f\u00f6ldre hullanak, mint a l\u00e1ndzs\u00e1s h\u00f3\u00e1gy\u00fan\u00e1l.  A v\u00edzcseppek mindk\u00e9t esetben a hideg leveg\u0151ben val\u00f3 mozg\u00e1s k\u00f6zben fagynak meg. Ezut\u00e1n a k\u00e9sz gy\u00e1rtott h\u00f3 m\u00e1r felhaszn\u00e1lhat\u00f3 \u00e9s kit\u0171n\u0151 p\u00e1lyaviszonyokat garant\u00e1l.<br \/>\nA h\u00f3gy\u00e1rt\u00f3 berendez\u00e9s sz\u00e1m\u00edt\u00f3g\u00e9ppel vez\u00e9relt, \u00edgy a h\u00f3gy\u00e1rt\u00e1s pontosan az id\u0151j\u00e1r\u00e1si viszonyokhoz igaz\u00edthat\u00f3.  A h\u00f3gy\u00e1rt\u00e1s egy\u00e9bk\u00e9nt csak fagypont alatti h\u0151m\u00e9rs\u00e9kleten lehets\u00e9ges.<\/p>\n<\/p><\/div>\n<div>\n<div>\n\t\t\t<img width=\"250\" height=\"166\" src=\"https:\/\/www.kreischberg.at\/wp-content\/uploads\/2023\/10\/Ikarus_5498-250x166.jpg\" class=\"alignleft\" alt=\"10er Gondelbahn Riegleralm\" decoding=\"async\" loading=\"lazy\" srcset=\"https:\/\/www.kreischberg.at\/wp-content\/uploads\/2023\/10\/Ikarus_5498-250x167.jpg 250w, https:\/\/www.kreischberg.at\/wp-content\/uploads\/2023\/10\/Ikarus_5498-300x200.jpg 300w, https:\/\/www.kreischberg.at\/wp-content\/uploads\/2023\/10\/Ikarus_5498-768x512.jpg 768w, https:\/\/www.kreischberg.at\/wp-content\/uploads\/2023\/10\/Ikarus_5498-1024x683.jpg 1024w, https:\/\/www.kreischberg.at\/wp-content\/uploads\/2023\/10\/Ikarus_5498-1536x1024.jpg 1536w, https:\/\/www.kreischberg.at\/wp-content\/uploads\/2023\/10\/Ikarus_5498-120x80.jpg 120w, https:\/\/www.kreischberg.at\/wp-content\/uploads\/2023\/10\/Ikarus_5498-150x100.jpg 150w, https:\/\/www.kreischberg.at\/wp-content\/uploads\/2023\/10\/Ikarus_5498-200x133.jpg 200w, https:\/\/www.kreischberg.at\/wp-content\/uploads\/2023\/10\/Ikarus_5498-350x233.jpg 350w, https:\/\/www.kreischberg.at\/wp-content\/uploads\/2023\/10\/Ikarus_5498-400x266.jpg 400w, https:\/\/www.kreischberg.at\/wp-content\/uploads\/2023\/10\/Ikarus_5498-800x533.jpg 800w, https:\/\/www.kreischberg.at\/wp-content\/uploads\/2023\/10\/Ikarus_5498-650x433.jpg 650w, https:\/\/www.kreischberg.at\/wp-content\/uploads\/2023\/10\/Ikarus_5498-1300x867.jpg 1300w, https:\/\/www.kreischberg.at\/wp-content\/uploads\/2023\/10\/Ikarus_5498-412x274.jpg 412w, https:\/\/www.kreischberg.at\/wp-content\/uploads\/2023\/10\/Ikarus_5498-113x75.jpg 113w, https:\/\/www.kreischberg.at\/wp-content\/uploads\/2023\/10\/Ikarus_5498-195x130.jpg 195w, https:\/\/www.kreischberg.at\/wp-content\/uploads\/2023\/10\/Ikarus_5498-450x300.jpg 450w, https:\/\/www.kreischberg.at\/wp-content\/uploads\/2023\/10\/Ikarus_5498-600x400.jpg 600w, https:\/\/www.kreischberg.at\/wp-content\/uploads\/2023\/10\/Ikarus_5498-210x140.jpg 210w, https:\/\/www.kreischberg.at\/wp-content\/uploads\/2023\/10\/Ikarus_5498-438x292.jpg 438w, https:\/\/www.kreischberg.at\/wp-content\/uploads\/2023\/10\/Ikarus_5498-645x430.jpg 645w, https:\/\/www.kreischberg.at\/wp-content\/uploads\/2023\/10\/Ikarus_5498-960x640.jpg 960w, https:\/\/www.kreischberg.at\/wp-content\/uploads\/2023\/10\/Ikarus_5498-271x181.jpg 271w, https:\/\/www.kreischberg.at\/wp-content\/uploads\/2023\/10\/Ikarus_5498-420x280.jpg 420w, https:\/\/www.kreischberg.at\/wp-content\/uploads\/2023\/10\/Ikarus_5498-1010x673.jpg 1010w, https:\/\/www.kreischberg.at\/wp-content\/uploads\/2023\/10\/Ikarus_5498-1350x900.jpg 1350w, https:\/\/www.kreischberg.at\/wp-content\/uploads\/2023\/10\/Ikarus_5498-690x460.jpg 690w, https:\/\/www.kreischberg.at\/wp-content\/uploads\/2023\/10\/Ikarus_5498-910x607.jpg 910w, https:\/\/www.kreischberg.at\/wp-content\/uploads\/2023\/10\/Ikarus_5498-560x373.jpg 560w, https:\/\/www.kreischberg.at\/wp-content\/uploads\/2023\/10\/Ikarus_5498-1000x667.jpg 1000w, https:\/\/www.kreischberg.at\/wp-content\/uploads\/2023\/10\/Ikarus_5498-660x440.jpg 660w, https:\/\/www.kreischberg.at\/wp-content\/uploads\/2023\/10\/Ikarus_5498-490x327.jpg 490w, https:\/\/www.kreischberg.at\/wp-content\/uploads\/2023\/10\/Ikarus_5498-380x254.jpg 380w, https:\/\/www.kreischberg.at\/wp-content\/uploads\/2023\/10\/Ikarus_5498-1370x914.jpg 1370w, https:\/\/www.kreischberg.at\/wp-content\/uploads\/2023\/10\/Ikarus_5498-670x447.jpg 670w, https:\/\/www.kreischberg.at\/wp-content\/uploads\/2023\/10\/Ikarus_5498-440x294.jpg 440w, https:\/\/www.kreischberg.at\/wp-content\/uploads\/2023\/10\/Ikarus_5498-320x214.jpg 320w, https:\/\/www.kreischberg.at\/wp-content\/uploads\/2023\/10\/Ikarus_5498-840x560.jpg 840w, https:\/\/www.kreischberg.at\/wp-content\/uploads\/2023\/10\/Ikarus_5498-410x274.jpg 410w, https:\/\/www.kreischberg.at\/wp-content\/uploads\/2023\/10\/Ikarus_5498-260x174.jpg 260w, https:\/\/www.kreischberg.at\/wp-content\/uploads\/2023\/10\/Ikarus_5498-190x127.jpg 190w, https:\/\/www.kreischberg.at\/wp-content\/uploads\/2023\/10\/Ikarus_5498.jpg 1920w\" sizes=\"auto, (max-width: 250px) 100vw, 250px\" data-image-credits=\"Tom Lamm | Murtal Seilbahnen\" data-image-credits-full=\"Bildrechte: Tom Lamm | Murtal Seilbahnen\" data-fancybox-title=\"Ikarus_5498\" data-fancybox-alt=\"10er Gondelbahn Riegleralm\" data-fancybox-caption=\"\" data-fancybox-srcset=\"https:\/\/www.kreischberg.at\/wp-content\/uploads\/2023\/10\/Ikarus_5498-300x200.jpg 300w, https:\/\/www.kreischberg.at\/wp-content\/uploads\/2023\/10\/Ikarus_5498-768x512.jpg 768w, https:\/\/www.kreischberg.at\/wp-content\/uploads\/2023\/10\/Ikarus_5498-1024x683.jpg 1024w, https:\/\/www.kreischberg.at\/wp-content\/uploads\/2023\/10\/Ikarus_5498-1536x1024.jpg 1536w, https:\/\/www.kreischberg.at\/wp-content\/uploads\/2023\/10\/Ikarus_5498-120x80.jpg 120w, https:\/\/www.kreischberg.at\/wp-content\/uploads\/2023\/10\/Ikarus_5498-150x100.jpg 150w, https:\/\/www.kreischberg.at\/wp-content\/uploads\/2023\/10\/Ikarus_5498-200x133.jpg 200w, https:\/\/www.kreischberg.at\/wp-content\/uploads\/2023\/10\/Ikarus_5498-250x167.jpg 250w, https:\/\/www.kreischberg.at\/wp-content\/uploads\/2023\/10\/Ikarus_5498-350x233.jpg 350w, https:\/\/www.kreischberg.at\/wp-content\/uploads\/2023\/10\/Ikarus_5498-400x266.jpg 400w, https:\/\/www.kreischberg.at\/wp-content\/uploads\/2023\/10\/Ikarus_5498-800x533.jpg 800w, https:\/\/www.kreischberg.at\/wp-content\/uploads\/2023\/10\/Ikarus_5498-650x433.jpg 650w, https:\/\/www.kreischberg.at\/wp-content\/uploads\/2023\/10\/Ikarus_5498-1300x867.jpg 1300w, https:\/\/www.kreischberg.at\/wp-content\/uploads\/2023\/10\/Ikarus_5498-412x274.jpg 412w, https:\/\/www.kreischberg.at\/wp-content\/uploads\/2023\/10\/Ikarus_5498-113x75.jpg 113w, https:\/\/www.kreischberg.at\/wp-content\/uploads\/2023\/10\/Ikarus_5498-195x130.jpg 195w, https:\/\/www.kreischberg.at\/wp-content\/uploads\/2023\/10\/Ikarus_5498-450x300.jpg 450w, https:\/\/www.kreischberg.at\/wp-content\/uploads\/2023\/10\/Ikarus_5498-600x400.jpg 600w, https:\/\/www.kreischberg.at\/wp-content\/uploads\/2023\/10\/Ikarus_5498-210x140.jpg 210w, https:\/\/www.kreischberg.at\/wp-content\/uploads\/2023\/10\/Ikarus_5498-438x292.jpg 438w, https:\/\/www.kreischberg.at\/wp-content\/uploads\/2023\/10\/Ikarus_5498-645x430.jpg 645w, https:\/\/www.kreischberg.at\/wp-content\/uploads\/2023\/10\/Ikarus_5498-960x640.jpg 960w, https:\/\/www.kreischberg.at\/wp-content\/uploads\/2023\/10\/Ikarus_5498-271x181.jpg 271w, https:\/\/www.kreischberg.at\/wp-content\/uploads\/2023\/10\/Ikarus_5498-420x280.jpg 420w, https:\/\/www.kreischberg.at\/wp-content\/uploads\/2023\/10\/Ikarus_5498-1010x673.jpg 1010w, https:\/\/www.kreischberg.at\/wp-content\/uploads\/2023\/10\/Ikarus_5498-1350x900.jpg 1350w, https:\/\/www.kreischberg.at\/wp-content\/uploads\/2023\/10\/Ikarus_5498-690x460.jpg 690w, https:\/\/www.kreischberg.at\/wp-content\/uploads\/2023\/10\/Ikarus_5498-910x607.jpg 910w, https:\/\/www.kreischberg.at\/wp-content\/uploads\/2023\/10\/Ikarus_5498-560x373.jpg 560w, https:\/\/www.kreischberg.at\/wp-content\/uploads\/2023\/10\/Ikarus_5498-1000x667.jpg 1000w, https:\/\/www.kreischberg.at\/wp-content\/uploads\/2023\/10\/Ikarus_5498-660x440.jpg 660w, https:\/\/www.kreischberg.at\/wp-content\/uploads\/2023\/10\/Ikarus_5498-490x327.jpg 490w, https:\/\/www.kreischberg.at\/wp-content\/uploads\/2023\/10\/Ikarus_5498-380x254.jpg 380w, https:\/\/www.kreischberg.at\/wp-content\/uploads\/2023\/10\/Ikarus_5498-1370x914.jpg 1370w, https:\/\/www.kreischberg.at\/wp-content\/uploads\/2023\/10\/Ikarus_5498-670x447.jpg 670w, https:\/\/www.kreischberg.at\/wp-content\/uploads\/2023\/10\/Ikarus_5498-440x294.jpg 440w, https:\/\/www.kreischberg.at\/wp-content\/uploads\/2023\/10\/Ikarus_5498-320x214.jpg 320w, https:\/\/www.kreischberg.at\/wp-content\/uploads\/2023\/10\/Ikarus_5498-840x560.jpg 840w, https:\/\/www.kreischberg.at\/wp-content\/uploads\/2023\/10\/Ikarus_5498-410x274.jpg 410w, https:\/\/www.kreischberg.at\/wp-content\/uploads\/2023\/10\/Ikarus_5498-260x174.jpg 260w, https:\/\/www.kreischberg.at\/wp-content\/uploads\/2023\/10\/Ikarus_5498-190x127.jpg 190w, https:\/\/www.kreischberg.at\/wp-content\/uploads\/2023\/10\/Ikarus_5498.jpg 1920w\" \/>\t\t\t<\/p>\n<h2>P\u00e1ly\u00e1k karbantart\u00e1sa<\/h2>\n<p>A t\u00f6k\u00e9letes s\u00edel\u00e9s elengedhetetlen felt\u00e9tele a min\u0151s\u00e9gi h\u00f3k\u00e9sz\u00edt\u00e9s \u00e9s a p\u00e1ly\u00e1k megfelel\u0151 karbantart\u00e1sa. <\/p>\n<p>Ez\u00e9rt a min\u0151s\u00e9g\u00e9rt Kreischberg rendszeresen megkapja a legmagasabb d\u00edjakat, mint p\u00e9ld\u00e1ul a nemzetk\u00f6zi Ski-Area-teszten vagy a \u201eskiresort.de\u201c<br \/>\nmin\u0151s\u00edt\u0151 port\u00e1lt\u00f3l.<\/p>\n<p>A technikai k\u00f6vetelm\u00e9nyek mellett &#8211; a korszer\u0171 h\u00f3k\u00e9sz\u00edt\u0151 berendez\u00e9seken \u00e9s p\u00e1lyag\u00e9peken t\u00fal &#8211; sz\u00fcks\u00e9g van egy olyan csapatra, aki elegend\u0151 tapasztalattal, szak\u00e9rtelemmel \u00e9s szenved\u00e9llyel t\u00f6k\u00e9letes k\u00f6r\u00fclm\u00e9nyeket \u00e9s ez\u00e1ltal el\u00e9gedett vend\u00e9geket biztos\u00edt minden nap.<br \/>\nM\u00e9lt\u00e1n vagyunk b\u00fcszk\u00e9k erre a csapatra!<\/p>\n<\/p><\/div>\n<\/p><\/div>\n","protected":false},"excerpt":{"rendered":"<p>H\u00f3gy\u00e1rt\u00e1s Kreischbergen \u00cdgy m\u0171k\u00f6dnek a h\u00f3\u00e1gy\u00fak A s\u00edterep optim\u00e1lis h\u00f3viszony\u00e1nak alapj\u00e1ul a gy\u00e1rtott h\u00f3 szolg\u00e1l. Kreischberg rendelkezik Ausztria egyik legnagyobb teljes\u00edtm\u00e9ny\u0171 h\u00f3gy\u00e1rt\u00f3 berendez\u00e9s\u00e9vel. A berendez\u00e9s l\u00e9nyeg\u00e9ben h\u00e1rom r\u00e9szb\u0151l \u00e1ll: T\u00e1roz\u00f3 t\u00f3 A t\u00e1roz\u00f3 t\u00f3 ny\u00e1ri h\u00f3napokban a term\u00e9szetes be\u00e1raml\u00e1s \u00e9s a csapad\u00e9k hat\u00e1s\u00e1ra megtelik. Ez\u00e9rt nem kell a vizet felszivatty\u00fazni a v\u00f6lgyb\u0151l, \u00edgy a magas [&hellip;]<\/p>\n","protected":false},"author":3,"featured_media":981,"parent":2648,"menu_order":0,"comment_status":"closed","ping_status":"closed","template":"","meta":{"_acf_changed":false,"footnotes":""},"class_list":["post-2659","page","type-page","status-publish","has-post-thumbnail","hentry"],"acf":[],"_links":{"self":[{"href":"https:\/\/www.kreischberg.at\/hu\/wp-json\/wp\/v2\/pages\/2659","targetHints":{"allow":["GET"]}}],"collection":[{"href":"https:\/\/www.kreischberg.at\/hu\/wp-json\/wp\/v2\/pages"}],"about":[{"href":"https:\/\/www.kreischberg.at\/hu\/wp-json\/wp\/v2\/types\/page"}],"author":[{"embeddable":true,"href":"https:\/\/www.kreischberg.at\/hu\/wp-json\/wp\/v2\/users\/3"}],"replies":[{"embeddable":true,"href":"https:\/\/www.kreischberg.at\/hu\/wp-json\/wp\/v2\/comments?post=2659"}],"version-history":[{"count":3,"href":"https:\/\/www.kreischberg.at\/hu\/wp-json\/wp\/v2\/pages\/2659\/revisions"}],"predecessor-version":[{"id":2663,"href":"https:\/\/www.kreischberg.at\/hu\/wp-json\/wp\/v2\/pages\/2659\/revisions\/2663"}],"up":[{"embeddable":true,"href":"https:\/\/www.kreischberg.at\/hu\/wp-json\/wp\/v2\/pages\/2648"}],"wp:featuredmedia":[{"embeddable":true,"href":"https:\/\/www.kreischberg.at\/hu\/wp-json\/wp\/v2\/media\/981"}],"wp:attachment":[{"href":"https:\/\/www.kreischberg.at\/hu\/wp-json\/wp\/v2\/media?parent=2659"}],"curies":[{"name":"wp","href":"https:\/\/api.w.org\/{rel}","templated":true}]}}